{"id":1609,"date":"2024-06-27T18:37:42","date_gmt":"2024-06-27T18:37:42","guid":{"rendered":"https:\/\/mayanlanguagepreservation.org\/socios-comunitarios\/"},"modified":"2025-04-08T17:14:22","modified_gmt":"2025-04-08T17:14:22","slug":"socios-comunitarios","status":"publish","type":"page","link":"https:\/\/mayanlanguagespreservation.org\/es\/socios-comunitarios\/","title":{"rendered":"Socios Comunitarios"},"content":{"rendered":"\t\t<div data-elementor-type=\"wp-page\" data-elementor-id=\"1609\" class=\"elementor elementor-1609 elementor-1025\" data-elementor-post-type=\"page\">\n\t\t\t\t<div class=\"elementor-element elementor-element-f94fca2 e-flex e-con-boxed e-con e-parent\" data-id=\"f94fca2\" data-element_type=\"container\" data-e-type=\"container\">\n\t\t\t\t\t<div class=\"e-con-inner\">\n\t\t<div class=\"elementor-element elementor-element-7feba07 e-con-full e-flex e-con e-child\" data-id=\"7feba07\" data-element_type=\"container\" data-e-type=\"container\">\n\t\t\t\t<\/div>\n\t\t<div class=\"elementor-element elementor-element-203c934 e-con-full e-flex e-con e-child\" data-id=\"203c934\" data-element_type=\"container\" data-e-type=\"container\">\n\t\t\t\t<div class=\"elementor-element elementor-element-e097617 elementor-widget elementor-widget-heading\" data-id=\"e097617\" data-element_type=\"widget\" data-e-type=\"widget\" data-widget_type=\"heading.default\">\n\t\t\t\t<div class=\"elementor-widget-container\">\n\t\t\t\t\t<h2 class=\"elementor-heading-title elementor-size-default\">SOCIOS COMUNITARIOS<\/h2>\t\t\t\t<\/div>\n\t\t\t\t<\/div>\n\t\t\t\t<div class=\"elementor-element elementor-element-c8569e8 elementor-widget__width-initial elementor-widget elementor-widget-image\" data-id=\"c8569e8\" data-element_type=\"widget\" data-e-type=\"widget\" data-widget_type=\"image.default\">\n\t\t\t\t<div class=\"elementor-widget-container\">\n\t\t\t\t\t\t\t\t\t\t\t\t\t\t\t<img decoding=\"async\" width=\"800\" height=\"56\" src=\"https:\/\/mayanlanguagespreservation.org\/wp-content\/uploads\/2024\/05\/swirl-line-1024x72.png\" class=\"attachment-large size-large wp-image-1478\" alt=\"\" srcset=\"https:\/\/mayanlanguagespreservation.org\/wp-content\/uploads\/2024\/05\/swirl-line-1024x72.png 1024w, https:\/\/mayanlanguagespreservation.org\/wp-content\/uploads\/2024\/05\/swirl-line-300x21.png 300w, https:\/\/mayanlanguagespreservation.org\/wp-content\/uploads\/2024\/05\/swirl-line-768x54.png 768w, https:\/\/mayanlanguagespreservation.org\/wp-content\/uploads\/2024\/05\/swirl-line-1536x108.png 1536w, https:\/\/mayanlanguagespreservation.org\/wp-content\/uploads\/2024\/05\/swirl-line-2048x144.png 2048w\" sizes=\"(max-width: 800px) 100vw, 800px\" \/>\t\t\t\t\t\t\t\t\t\t\t\t\t\t\t<\/div>\n\t\t\t\t<\/div>\n\t\t\t\t<\/div>\n\t\t<div class=\"elementor-element elementor-element-ce1f2e1 e-con-full e-flex e-con e-child\" data-id=\"ce1f2e1\" data-element_type=\"container\" data-e-type=\"container\">\n\t\t\t\t<\/div>\n\t\t\t\t\t<\/div>\n\t\t\t\t<\/div>\n\t\t<div class=\"elementor-element elementor-element-91eca87 e-flex e-con-boxed e-con e-parent\" data-id=\"91eca87\" data-element_type=\"container\" data-e-type=\"container\">\n\t\t\t\t\t<div class=\"e-con-inner\">\n\t\t<div class=\"elementor-element elementor-element-59feccd e-con-full e-flex e-con e-child\" data-id=\"59feccd\" data-element_type=\"container\" data-e-type=\"container\">\n\t\t\t\t<div class=\"elementor-element elementor-element-98fefca elementor-widget elementor-widget-image\" data-id=\"98fefca\" data-element_type=\"widget\" data-e-type=\"widget\" data-widget_type=\"image.default\">\n\t\t\t\t<div class=\"elementor-widget-container\">\n\t\t\t\t\t\t\t\t\t\t\t\t\t\t\t<img decoding=\"async\" src=\"https:\/\/mayanlanguagespreservation.org\/wp-content\/uploads\/elementor\/thumbs\/Cholsa-Colores-r1qr7fw4x6c0ffsnxzfhxy018wx9g8rdmdtvf5hw4m.jpg\" title=\"Logotipo CHOLSAMAJ\" alt=\"Logotipo CHOLSAMAJ\" loading=\"lazy\" \/>\t\t\t\t\t\t\t\t\t\t\t\t\t\t\t<\/div>\n\t\t\t\t<\/div>\n\t\t\t\t<\/div>\n\t\t<div class=\"elementor-element elementor-element-3d6ed1f e-con-full e-flex e-con e-child\" data-id=\"3d6ed1f\" data-element_type=\"container\" data-e-type=\"container\" data-settings=\"{&quot;background_background&quot;:&quot;classic&quot;}\">\n\t\t\t\t<div class=\"elementor-element elementor-element-22cabf0 elementor-widget elementor-widget-heading\" data-id=\"22cabf0\" data-element_type=\"widget\" data-e-type=\"widget\" data-widget_type=\"heading.default\">\n\t\t\t\t<div class=\"elementor-widget-container\">\n\t\t\t\t\t<h2 class=\"elementor-heading-title elementor-size-default\">EDITORIAL CHOLSAMAJ<\/h2>\t\t\t\t<\/div>\n\t\t\t\t<\/div>\n\t\t\t\t<div class=\"elementor-element elementor-element-8a2ce72 elementor-widget elementor-widget-text-editor\" data-id=\"8a2ce72\" data-element_type=\"widget\" data-e-type=\"widget\" data-widget_type=\"text-editor.default\">\n\t\t\t\t<div class=\"elementor-widget-container\">\n\t\t\t\t\t\t\t\t\t<p>+502 2230 3301<\/p>\n<p><a href=\"http:\/\/www.cholsamaj.com\" target=\"_blank\" rel=\"noopener\">www.cholsamaj.com<\/a><\/p>\n<p><a href=\"mandacorreoa:editorialcholsamaj@yahoo.com\">editorialcholsamaj@yahoo.com<\/a><\/p>\n<p>5A Calle 0-47, Ciudad de Guatemala, Guatemala<\/p>\n<p>Somos Editorial Cholsamaj, una instituci\u00f3n que trabaja por el fortalecimiento cultural en Guatemala. Nuestro nombre proviene de Kaqchikel: <strong><em>Chol<\/em><\/strong> significa \u00aborden sucesivo\u00bb y <strong><em>Samaj <\/em><\/strong>significa \u00abtrabajo\u00bb, lo que refleja nuestro compromiso con la planificaci\u00f3n y sistematizaci\u00f3n del conocimiento maya. Desde antes de 1990, producimos materiales educativos para hacer visible la riqueza cultural del pueblo maya y promover el respeto entre los diferentes pueblos del pa\u00eds.  <\/p>\n<p>Estamos especializados en la publicaci\u00f3n de libros escritos por autores mayas y de otras nacionalidades, que abordan cuestiones de identidad, lengua y cosmovisi\u00f3n. Contamos con m\u00e1s de 350 t\u00edtulos propios y hemos establecido alianzas con organizaciones locales e internacionales. Tambi\u00e9n ofrecemos servicios de dise\u00f1o gr\u00e1fico e impresi\u00f3n, siempre con el objetivo de preservar y difundir los conocimientos ancestrales.  <\/p>\n<p>Creemos en la diversidad cultural como pilar fundamental para el desarrollo de una sociedad justa y equitativa. Nuestro trabajo se basa en el respeto, la solidaridad y la reafirmaci\u00f3n de la identidad de los pueblos ind\u00edgenas. Utilizamos la tecnolog\u00eda para fortalecer nuestro trabajo educativo y promover espacios de participaci\u00f3n democr\u00e1tica en la construcci\u00f3n de un futuro con dignidad, educaci\u00f3n y pertinencia cultural.  <\/p>\n\t\t\t\t\t\t\t\t<\/div>\n\t\t\t\t<\/div>\n\t\t\t\t<\/div>\n\t\t\t\t\t<\/div>\n\t\t\t\t<\/div>\n\t\t<div class=\"elementor-element elementor-element-36d05e8 e-flex e-con-boxed e-con e-parent\" data-id=\"36d05e8\" data-element_type=\"container\" data-e-type=\"container\">\n\t\t\t\t\t<div class=\"e-con-inner\">\n\t\t<div class=\"elementor-element elementor-element-97be6e3 e-con-full e-flex e-con e-child\" data-id=\"97be6e3\" data-element_type=\"container\" data-e-type=\"container\">\n\t\t\t\t<div class=\"elementor-element elementor-element-18af766 elementor-widget elementor-widget-image\" data-id=\"18af766\" data-element_type=\"widget\" data-e-type=\"widget\" data-widget_type=\"image.default\">\n\t\t\t\t<div class=\"elementor-widget-container\">\n\t\t\t\t\t\t\t\t\t\t\t\t\t\t\t<img decoding=\"async\" src=\"https:\/\/mayanlanguagespreservation.org\/wp-content\/uploads\/elementor\/thumbs\/Logo_ctb-qqae1gb6ufg0eld1cwrzbzbiu4lh0lmqjc0j8a8jgm.png\" title=\"Logo_ctb\" alt=\"Logo_ctb\" loading=\"lazy\" \/>\t\t\t\t\t\t\t\t\t\t\t\t\t\t\t<\/div>\n\t\t\t\t<\/div>\n\t\t\t\t<\/div>\n\t\t<div class=\"elementor-element elementor-element-53d699e e-con-full e-flex e-con e-child\" data-id=\"53d699e\" data-element_type=\"container\" data-e-type=\"container\" data-settings=\"{&quot;background_background&quot;:&quot;classic&quot;}\">\n\t\t\t\t<div class=\"elementor-element elementor-element-3446ff9 elementor-widget elementor-widget-heading\" data-id=\"3446ff9\" data-element_type=\"widget\" data-e-type=\"widget\" data-widget_type=\"heading.default\">\n\t\t\t\t<div class=\"elementor-widget-container\">\n\t\t\t\t\t<h2 class=\"elementor-heading-title elementor-size-default\">CENTRO TECNOL\u00d3GICO BILING\u00dcE, San Miguel, Tucur\u00fa<\/h2>\t\t\t\t<\/div>\n\t\t\t\t<\/div>\n\t\t\t\t<div class=\"elementor-element elementor-element-75c81f7 elementor-widget elementor-widget-heading\" data-id=\"75c81f7\" data-element_type=\"widget\" data-e-type=\"widget\" data-widget_type=\"heading.default\">\n\t\t\t\t<div class=\"elementor-widget-container\">\n\t\t\t\t\t<h2 class=\"elementor-heading-title elementor-size-default\">Alta Verapaz, Guatemala - Q'eqchi' y socio colaborador espa\u00f1ol<\/h2>\t\t\t\t<\/div>\n\t\t\t\t<\/div>\n\t\t\t\t<div class=\"elementor-element elementor-element-a022965 elementor-widget elementor-widget-text-editor\" data-id=\"a022965\" data-element_type=\"widget\" data-e-type=\"widget\" data-widget_type=\"text-editor.default\">\n\t\t\t\t<div class=\"elementor-widget-container\">\n\t\t\t\t\t\t\t\t\t<p><a href=\"mandacorreoa:Administrador@ctb.edu.gt\">Administrador@ctb.edu.gt<\/a><\/p>\n<p>Somos un centro tecnol\u00f3gico, educativo, integral, biling\u00fce, intercultural, evolutivo, organizado, eficiente y generador de oportunidades para el aprendizaje significativo, con personal profesional capacitado y comprometido en la formaci\u00f3n constante de los estudiantes; para mejorar su desarrollo personal basado en principios, valores, diversidad ling\u00fc\u00edstica, conciencia ecol\u00f3gica y cultura de paz, en el municipio de San Miguel Tucur\u00fa, Departamento de Alta Verapaz.<\/p>\n<p>El Centro Tecnol\u00f3gico Biling\u00fce fue autorizado el 18 de enero de 2021, mediante Resoluci\u00f3n Departamental &#8211; AC No. 50-2021, emitida por la Direcci\u00f3n Departamental de Educaci\u00f3n de Alta Verapaz. Estamos ubicados en el Barrio La Vega, Municipio de Tucur\u00fa, departamento de Alta Verapaz. En nuestro pa\u00eds, una de las mayores barreras para el desarrollo individual y colectivo es la ineficiente educaci\u00f3n de un sistema tradicional que ya no es aplicable a los cambios tecnol\u00f3gicos y pedag\u00f3gicos de la actualidad. Por ello, nuestro objetivo fundamental es brindar una educaci\u00f3n de calidad; lo que implica un sacrificio y mayor esfuerzo en beneficio de los ni\u00f1os y j\u00f3venes. Nuestros profesores est\u00e1n formados para proporcionar una educaci\u00f3n eficaz en el \u00e1rea de la lectura y la escritura desde los primeros cursos, bases fundamentales para los siguientes a\u00f1os de escolarizaci\u00f3n. La mayor\u00eda de nuestros profesores trabajan sin recibir un salario mensual; sin embargo, realizan un trabajo eficaz digno de admiraci\u00f3n. Nuestro lema es: Centro Tecnol\u00f3gico Biling\u00fce \u00abUna forma diferente de aprender\u00bb.      <\/p>\n<p>Estamos orgullosos de colaborar con el Proyecto de Preservaci\u00f3n de las Lenguas Mayas para garantizar la igualdad de acceso a nuestras lenguas en todas las formas de vida y aprendizaje. Tambi\u00e9n estamos comprometidos con la preservaci\u00f3n de nuestras lenguas mayas a trav\u00e9s del Plan Nacional de Estudios Base y de las instituciones que apoyan dichos proyectos, motivando a los estudiantes para que se conviertan en personas y profesionales biling\u00fces mediante el aprendizaje de una lengua maya, el espa\u00f1ol y el ingl\u00e9s. Nuestras lenguas mayas regionales son principalmente el Q&#8217;eqchi&#8217; y el Poqomchi&#8217;.  <\/p>\n\t\t\t\t\t\t\t\t<\/div>\n\t\t\t\t<\/div>\n\t\t\t\t<\/div>\n\t\t\t\t\t<\/div>\n\t\t\t\t<\/div>\n\t\t<div class=\"elementor-element elementor-element-83bdeb1 e-flex e-con-boxed e-con e-parent\" data-id=\"83bdeb1\" data-element_type=\"container\" data-e-type=\"container\">\n\t\t\t\t\t<div class=\"e-con-inner\">\n\t\t<div class=\"elementor-element elementor-element-cf81d12 e-con-full e-flex e-con e-child\" data-id=\"cf81d12\" data-element_type=\"container\" data-e-type=\"container\">\n\t\t\t\t<div class=\"elementor-element elementor-element-0990dc8 elementor-widget elementor-widget-image\" data-id=\"0990dc8\" data-element_type=\"widget\" data-e-type=\"widget\" data-widget_type=\"image.default\">\n\t\t\t\t<div class=\"elementor-widget-container\">\n\t\t\t\t\t\t\t\t\t\t\t\t\t\t\t<img decoding=\"async\" src=\"https:\/\/mayanlanguagespreservation.org\/wp-content\/uploads\/elementor\/thumbs\/Aprendizaje-Poqomam-r1qrbyi7riim7z8gkfpyfays0knrfvoxwqovg0sse0.jpg\" title=\"Aprendizaje Poqomam\" alt=\"Aprendizaje Poqomam\" loading=\"lazy\" \/>\t\t\t\t\t\t\t\t\t\t\t\t\t\t\t<\/div>\n\t\t\t\t<\/div>\n\t\t\t\t<\/div>\n\t\t<div class=\"elementor-element elementor-element-f2f6a26 e-con-full e-flex e-con e-child\" data-id=\"f2f6a26\" data-element_type=\"container\" data-e-type=\"container\" data-settings=\"{&quot;background_background&quot;:&quot;classic&quot;}\">\n\t\t\t\t<div class=\"elementor-element elementor-element-e31fc03 elementor-widget elementor-widget-heading\" data-id=\"e31fc03\" data-element_type=\"widget\" data-e-type=\"widget\" data-widget_type=\"heading.default\">\n\t\t\t\t<div class=\"elementor-widget-container\">\n\t\t\t\t\t<h2 class=\"elementor-heading-title elementor-size-default\">APRENDIZAJE DEL IDIOMA MAYA POQOMAM<\/h2>\t\t\t\t<\/div>\n\t\t\t\t<\/div>\n\t\t\t\t<div class=\"elementor-element elementor-element-39ff385 elementor-widget elementor-widget-text-editor\" data-id=\"39ff385\" data-element_type=\"widget\" data-e-type=\"widget\" data-widget_type=\"text-editor.default\">\n\t\t\t\t<div class=\"elementor-widget-container\">\n\t\t\t\t\t\t\t\t\t<p>Nuestro compromiso es el fortalecimiento y revitalizaci\u00f3n de la lengua Maya Poqomam. Desde 2014, se ha emprendido una iniciativa para promover la lengua Poqomam, en una p\u00e1gina de Facebook llamada Aprendizaje del Idioma Maya Poqomam. Este espacio ha permitido la difusi\u00f3n de canciones, recursos literarios como m\u00fasica, adivinanzas, entre otros, as\u00ed como audios y textos para la ense\u00f1anza y aprendizaje de la lengua Maya Poqomam. Este esfuerzo fue posible gracias a la convicci\u00f3n del profesor Jos\u00e9 Luis Conguache Coj, cuya experiencia como docente le permiti\u00f3 mediar recursos did\u00e1cticos que permitieran el aprendizaje del Maya Poqomam en el sistema educativo.   <\/p>\n<p>Tambi\u00e9n queremos reconocer y agradecer el apoyo brindado por todas las personas que han participado en los cursos para el aprendizaje del Maya Poqomam y a quienes han creado contenidos que se siguen distribuyendo en la p\u00e1gina de manera gratuita. Nuestro anhelo es que estos materiales sirvan para fortalecer la lengua y la identidad del pueblo poqomam. <\/p>\t\t\t\t\t\t\t\t<\/div>\n\t\t\t\t<\/div>\n\t\t\t\t<\/div>\n\t\t\t\t\t<\/div>\n\t\t\t\t<\/div>\n\t\t\t\t<\/div>\n\t\t","protected":false},"excerpt":{"rendered":"<p>SOCIOS COMUNITARIOS EDITORIAL CHOLSAMAJ +502 2230 3301 www.cholsamaj.com editorialcholsamaj@yahoo.com 5A Calle 0-47, Ciudad de Guatemala, Guatemala Somos Editorial Cholsamaj, una instituci\u00f3n que trabaja por el fortalecimiento cultural en Guatemala. Nuestro nombre proviene de Kaqchikel: Chol significa \u00aborden sucesivo\u00bb y Samaj significa \u00abtrabajo\u00bb, lo que refleja nuestro compromiso con la planificaci\u00f3n y sistematizaci\u00f3n del conocimiento maya. [&hellip;]<\/p>\n","protected":false},"author":2,"featured_media":0,"parent":0,"menu_order":0,"comment_status":"closed","ping_status":"closed","template":"","meta":{"_acf_changed":false,"footnotes":""},"class_list":["post-1609","page","type-page","status-publish","hentry"],"acf":[],"_links":{"self":[{"href":"https:\/\/mayanlanguagespreservation.org\/es\/wp-json\/wp\/v2\/pages\/1609","targetHints":{"allow":["GET"]}}],"collection":[{"href":"https:\/\/mayanlanguagespreservation.org\/es\/wp-json\/wp\/v2\/pages"}],"about":[{"href":"https:\/\/mayanlanguagespreservation.org\/es\/wp-json\/wp\/v2\/types\/page"}],"author":[{"embeddable":true,"href":"https:\/\/mayanlanguagespreservation.org\/es\/wp-json\/wp\/v2\/users\/2"}],"replies":[{"embeddable":true,"href":"https:\/\/mayanlanguagespreservation.org\/es\/wp-json\/wp\/v2\/comments?post=1609"}],"version-history":[{"count":4,"href":"https:\/\/mayanlanguagespreservation.org\/es\/wp-json\/wp\/v2\/pages\/1609\/revisions"}],"predecessor-version":[{"id":2962,"href":"https:\/\/mayanlanguagespreservation.org\/es\/wp-json\/wp\/v2\/pages\/1609\/revisions\/2962"}],"wp:attachment":[{"href":"https:\/\/mayanlanguagespreservation.org\/es\/wp-json\/wp\/v2\/media?parent=1609"}],"curies":[{"name":"wp","href":"https:\/\/api.w.org\/{rel}","templated":true}]}}