{"id":1613,"date":"2024-05-10T15:05:00","date_gmt":"2024-05-10T15:05:00","guid":{"rendered":"https:\/\/mayanlanguagepreservation.org\/acerca-de\/"},"modified":"2025-06-05T20:48:00","modified_gmt":"2025-06-05T20:48:00","slug":"acerca-de","status":"publish","type":"page","link":"https:\/\/mayanlanguagespreservation.org\/es\/acerca-de\/","title":{"rendered":"ACERCA DE"},"content":{"rendered":"\t\t<div data-elementor-type=\"wp-page\" data-elementor-id=\"1613\" class=\"elementor elementor-1613 elementor-40\" data-elementor-post-type=\"page\">\n\t\t\t\t<div class=\"elementor-element elementor-element-62a4a1e e-flex e-con-boxed e-con e-parent\" data-id=\"62a4a1e\" data-element_type=\"container\" data-e-type=\"container\">\n\t\t\t\t\t<div class=\"e-con-inner\">\n\t\t<div class=\"elementor-element elementor-element-72d4838 e-con-full e-flex e-con e-child\" data-id=\"72d4838\" data-element_type=\"container\" data-e-type=\"container\">\n\t\t\t\t<\/div>\n\t\t<div class=\"elementor-element elementor-element-42d360a e-con-full e-flex e-con e-child\" data-id=\"42d360a\" data-element_type=\"container\" data-e-type=\"container\">\n\t\t\t\t<div class=\"elementor-element elementor-element-59575cd elementor-widget elementor-widget-heading\" data-id=\"59575cd\" data-element_type=\"widget\" data-e-type=\"widget\" data-widget_type=\"heading.default\">\n\t\t\t\t<div class=\"elementor-widget-container\">\n\t\t\t\t\t<h2 class=\"elementor-heading-title elementor-size-default\">ACERCA DE<\/h2>\t\t\t\t<\/div>\n\t\t\t\t<\/div>\n\t\t\t\t<\/div>\n\t\t<div class=\"elementor-element elementor-element-a34e1b2 e-con-full e-flex e-con e-child\" data-id=\"a34e1b2\" data-element_type=\"container\" data-e-type=\"container\">\n\t\t\t\t<\/div>\n\t\t\t\t\t<\/div>\n\t\t\t\t<\/div>\n\t\t<div class=\"elementor-element elementor-element-74e77fb elementor-hidden-desktop e-con-full e-flex e-con e-parent\" data-id=\"74e77fb\" data-element_type=\"container\" data-e-type=\"container\" data-settings=\"{&quot;background_background&quot;:&quot;classic&quot;}\">\n\t\t\t\t<div class=\"elementor-element elementor-element-0f672cd elementor-blockquote--skin-clean elementor-blockquote--align-center elementor-widget elementor-widget-blockquote\" data-id=\"0f672cd\" data-element_type=\"widget\" data-e-type=\"widget\" data-widget_type=\"blockquote.default\">\n\t\t\t\t<div class=\"elementor-widget-container\">\n\t\t\t\t\t\t\t<blockquote class=\"elementor-blockquote\">\n\t\t\t<p class=\"elementor-blockquote__content\">\n\t\t\t\t\"Me encanta que sea un esfuerzo comunitario de c\u00f3digo abierto. Es un recurso incre\u00edblemente valioso y estoy muy emocionado de formar parte de \u00e9l.\"\t\t\t<\/p>\n\t\t\t\t\t\t\t<div class=\"e-q-footer\">\n\t\t\t\t\t\t\t\t\t\t\t<cite class=\"elementor-blockquote__author\">Gaspar Tomas<\/cite>\n\t\t\t\t\t\t\t\t\t\t\t\t\t\t<\/div>\n\t\t\t\t\t<\/blockquote>\n\t\t\t\t\t\t<\/div>\n\t\t\t\t<\/div>\n\t\t<div class=\"elementor-element elementor-element-07bc8ab e-con-full e-flex e-con e-child\" data-id=\"07bc8ab\" data-element_type=\"container\" data-e-type=\"container\" data-settings=\"{&quot;background_background&quot;:&quot;classic&quot;,&quot;shape_divider_top&quot;:&quot;waves&quot;}\">\n\t\t\t\t<div class=\"elementor-shape elementor-shape-top\" aria-hidden=\"true\" data-negative=\"false\">\n\t\t\t<svg xmlns=\"http:\/\/www.w3.org\/2000\/svg\" viewBox=\"0 0 1000 100\" preserveAspectRatio=\"none\">\n\t<path class=\"elementor-shape-fill\" d=\"M421.9,6.5c22.6-2.5,51.5,0.4,75.5,5.3c23.6,4.9,70.9,23.5,100.5,35.7c75.8,32.2,133.7,44.5,192.6,49.7\n\tc23.6,2.1,48.7,3.5,103.4-2.5c54.7-6,106.2-25.6,106.2-25.6V0H0v30.3c0,0,72,32.6,158.4,30.5c39.2-0.7,92.8-6.7,134-22.4\n\tc21.2-8.1,52.2-18.2,79.7-24.2C399.3,7.9,411.6,7.5,421.9,6.5z\"\/>\n<\/svg>\t\t<\/div>\n\t\t\t\t<\/div>\n\t\t\t\t<\/div>\n\t\t<div class=\"elementor-element elementor-element-3a0e393 elementor-hidden-tablet elementor-hidden-mobile e-flex e-con-boxed e-con e-parent\" data-id=\"3a0e393\" data-element_type=\"container\" data-e-type=\"container\" data-settings=\"{&quot;background_background&quot;:&quot;classic&quot;}\">\n\t\t\t\t\t<div class=\"e-con-inner\">\n\t\t<div class=\"elementor-element elementor-element-c086480 elementor-hidden-tablet elementor-hidden-mobile e-flex e-con-boxed e-con e-child\" data-id=\"c086480\" data-element_type=\"container\" data-e-type=\"container\" data-settings=\"{&quot;background_background&quot;:&quot;classic&quot;}\">\n\t\t\t\t\t<div class=\"e-con-inner\">\n\t\t<div class=\"elementor-element elementor-element-4fb44db e-con-full e-flex e-con e-child\" data-id=\"4fb44db\" data-element_type=\"container\" data-e-type=\"container\">\n\t\t\t\t<div class=\"elementor-element elementor-element-8621241 elementor-blockquote--skin-clean elementor-blockquote--align-left elementor-widget elementor-widget-blockquote\" data-id=\"8621241\" data-element_type=\"widget\" data-e-type=\"widget\" data-widget_type=\"blockquote.default\">\n\t\t\t\t<div class=\"elementor-widget-container\">\n\t\t\t\t\t\t\t<blockquote class=\"elementor-blockquote\">\n\t\t\t<p class=\"elementor-blockquote__content\">\n\t\t\t\t\"Me encanta que sea un esfuerzo comunitario de c\u00f3digo abierto. Es un recurso incre\u00edblemente valioso y estoy muy emocionado de formar parte de \u00e9l.\"\t\t\t<\/p>\n\t\t\t\t\t\t\t<div class=\"e-q-footer\">\n\t\t\t\t\t\t\t\t\t\t\t<cite class=\"elementor-blockquote__author\">Gaspar Tomas<\/cite>\n\t\t\t\t\t\t\t\t\t\t\t\t\t\t<\/div>\n\t\t\t\t\t<\/blockquote>\n\t\t\t\t\t\t<\/div>\n\t\t\t\t<\/div>\n\t\t\t\t<\/div>\n\t\t\t\t\t<\/div>\n\t\t\t\t<\/div>\n\t\t\t\t\t<\/div>\n\t\t\t\t<\/div>\n\t\t<div class=\"elementor-element elementor-element-3110f3b e-flex e-con-boxed e-con e-parent\" data-id=\"3110f3b\" data-element_type=\"container\" data-e-type=\"container\">\n\t\t\t\t\t<div class=\"e-con-inner\">\n\t\t<div class=\"elementor-element elementor-element-5f01168 e-con-full e-flex e-con e-child\" data-id=\"5f01168\" data-element_type=\"container\" data-e-type=\"container\">\n\t\t\t\t<\/div>\n\t\t<div class=\"elementor-element elementor-element-5f50466 e-con-full e-flex e-con e-child\" data-id=\"5f50466\" data-element_type=\"container\" data-e-type=\"container\" data-settings=\"{&quot;background_background&quot;:&quot;classic&quot;}\">\n\t\t\t\t<div class=\"elementor-element elementor-element-508cd39 elementor-widget elementor-widget-heading\" data-id=\"508cd39\" data-element_type=\"widget\" data-e-type=\"widget\" data-widget_type=\"heading.default\">\n\t\t\t\t<div class=\"elementor-widget-container\">\n\t\t\t\t\t<h2 class=\"elementor-heading-title elementor-size-default\">visi\u00f3n<\/h2>\t\t\t\t<\/div>\n\t\t\t\t<\/div>\n\t\t\t\t<div class=\"elementor-element elementor-element-1805d6b elementor-widget elementor-widget-text-editor\" data-id=\"1805d6b\" data-element_type=\"widget\" data-e-type=\"widget\" data-widget_type=\"text-editor.default\">\n\t\t\t\t<div class=\"elementor-widget-container\">\n\t\t\t\t\t\t\t\t\t<p>El Proyecto de Preservaci\u00f3n y Digitalizaci\u00f3n de las Lenguas Mayas se ha creado para reconocer la importancia y la necesidad de proporcionar servicios esenciales a los hablantes de lenguas mayas que, en la actualidad, est\u00e1n infrarrepresentados en los Estados Unidos. Este proyecto promueve la preservaci\u00f3n de las lenguas mayas mediante su uso continuado en entornos educativos y profesionales, y fomenta una mayor concienciaci\u00f3n sobre estas lenguas a medida que los hablantes nativos se comprometen m\u00e1s y est\u00e1n menos marginados en nuestra sociedad en general, con el objetivo a largo plazo de aumentar la inclusividad, la equidad y la diversidad. <\/p><p>MasterWord y el Instituto MasterWord han proporcionado un espacio para este glosario en un formato de c\u00f3digo abierto para ofrecer a los profesionales de la lengua un espacio para compartir conocimientos y proporcionar una lista categ\u00f3rica autorizada de t\u00e9rminos para utilizar en entornos legales y m\u00e9dicos. Esencial para esta misi\u00f3n es la idea de que los hablantes nativos de lengua maya lideren el crecimiento de este proyecto y fomenten la participaci\u00f3n de sus respectivas comunidades ling\u00fc\u00edsticas en un esfuerzo que garantice la preservaci\u00f3n de las lenguas mayas por parte de los hablantes de lengua maya. Fomentamos la colaboraci\u00f3n con hablantes cuya lengua principal sea la ind\u00edgena, hablantes de lengua maya reci\u00e9n llegados a los Estados Unidos, profesionales de la lengua que trabajen con hablantes de lengua maya y acad\u00e9micos con conocimientos pr\u00e1cticos y dominio de las lenguas mayas. Al establecer un proceso de colaboraci\u00f3n en los Estados Unidos y Guatemala, nuestro proyecto abarcar\u00e1 las 20 lenguas mayas existentes en Guatemala y crear\u00e1 un glosario autorizado y exhaustivo por y para los hablantes de lenguas mayas. A medida que hagamos crecer el proyecto, esperamos a\u00f1adir una amplia lista de categor\u00edas a la terminolog\u00eda jur\u00eddica y m\u00e9dica existente, incluida una lista categ\u00f3rica ampliada de t\u00e9rminos que promover\u00e1 una mayor alfabetizaci\u00f3n de los hablantes de lengua maya en los campos de la tecnolog\u00eda, las finanzas, la educaci\u00f3n y el ocio.    <\/p>\t\t\t\t\t\t\t\t<\/div>\n\t\t\t\t<\/div>\n\t\t\t\t<\/div>\n\t\t<div class=\"elementor-element elementor-element-5d09b2b e-con-full elementor-hidden-mobile e-flex e-con e-child\" data-id=\"5d09b2b\" data-element_type=\"container\" data-e-type=\"container\">\n\t\t\t\t<\/div>\n\t\t\t\t\t<\/div>\n\t\t\t\t<\/div>\n\t\t<div class=\"elementor-element elementor-element-fc52236 e-flex e-con-boxed e-con e-parent\" data-id=\"fc52236\" data-element_type=\"container\" data-e-type=\"container\">\n\t\t\t\t\t<div class=\"e-con-inner\">\n\t\t<div class=\"elementor-element elementor-element-0f1edc7 e-con-full elementor-hidden-mobile e-flex e-con e-child\" data-id=\"0f1edc7\" data-element_type=\"container\" data-e-type=\"container\">\n\t\t\t\t<\/div>\n\t\t<div class=\"elementor-element elementor-element-08b8dbf e-con-full e-flex e-con e-child\" data-id=\"08b8dbf\" data-element_type=\"container\" data-e-type=\"container\">\n\t\t\t\t<div class=\"elementor-element elementor-element-68d8051 elementor-widget__width-auto elementor-widget elementor-widget-image\" data-id=\"68d8051\" data-element_type=\"widget\" data-e-type=\"widget\" data-widget_type=\"image.default\">\n\t\t\t\t<div class=\"elementor-widget-container\">\n\t\t\t\t\t\t\t\t\t\t\t\t\t\t\t<img fetchpriority=\"high\" decoding=\"async\" width=\"600\" height=\"673\" src=\"https:\/\/mayanlanguagespreservation.org\/wp-content\/uploads\/2024\/05\/Keyboard-typing-2.jpg\" class=\"attachment-large size-large wp-image-1486\" alt=\"\" srcset=\"https:\/\/mayanlanguagespreservation.org\/wp-content\/uploads\/2024\/05\/Keyboard-typing-2.jpg 600w, https:\/\/mayanlanguagespreservation.org\/wp-content\/uploads\/2024\/05\/Keyboard-typing-2-267x300.jpg 267w\" sizes=\"(max-width: 600px) 100vw, 600px\" \/>\t\t\t\t\t\t\t\t\t\t\t\t\t\t\t<\/div>\n\t\t\t\t<\/div>\n\t\t\t\t<div class=\"elementor-element elementor-element-13665c0 elementor-widget__width-auto elementor-widget elementor-widget-image\" data-id=\"13665c0\" data-element_type=\"widget\" data-e-type=\"widget\" data-widget_type=\"image.default\">\n\t\t\t\t<div class=\"elementor-widget-container\">\n\t\t\t\t\t\t\t\t\t\t\t\t\t\t\t<img decoding=\"async\" width=\"533\" height=\"400\" src=\"https:\/\/mayanlanguagespreservation.org\/wp-content\/uploads\/2024\/05\/Dulce-img.jpg\" class=\"attachment-large size-large wp-image-1485\" alt=\"\" srcset=\"https:\/\/mayanlanguagespreservation.org\/wp-content\/uploads\/2024\/05\/Dulce-img.jpg 533w, https:\/\/mayanlanguagespreservation.org\/wp-content\/uploads\/2024\/05\/Dulce-img-300x225.jpg 300w\" sizes=\"(max-width: 533px) 100vw, 533px\" \/>\t\t\t\t\t\t\t\t\t\t\t\t\t\t\t<\/div>\n\t\t\t\t<\/div>\n\t\t\t\t<\/div>\n\t\t<div class=\"elementor-element elementor-element-7c419e2 e-con-full e-flex e-con e-child\" data-id=\"7c419e2\" data-element_type=\"container\" data-e-type=\"container\">\n\t\t\t\t<div class=\"elementor-element elementor-element-42c0718 elementor-widget elementor-widget-heading\" data-id=\"42c0718\" data-element_type=\"widget\" data-e-type=\"widget\" data-widget_type=\"heading.default\">\n\t\t\t\t<div class=\"elementor-widget-container\">\n\t\t\t\t\t<h2 class=\"elementor-heading-title elementor-size-default\">resumen del proyecto<\/h2>\t\t\t\t<\/div>\n\t\t\t\t<\/div>\n\t\t\t\t<div class=\"elementor-element elementor-element-de5f882 elementor-widget elementor-widget-text-editor\" data-id=\"de5f882\" data-element_type=\"widget\" data-e-type=\"widget\" data-widget_type=\"text-editor.default\">\n\t\t\t\t<div class=\"elementor-widget-container\">\n\t\t\t\t\t\t\t\t\t<p>El Proyecto de Preservaci\u00f3n y Digitalizaci\u00f3n de las Lenguas Mayas es una iniciativa de digitalizaci\u00f3n de lenguas de c\u00f3digo abierto creada por y para profesionales de las lenguas mayas de Guatemala y de toda Norteam\u00e9rica y Centroam\u00e9rica. Colaboramos con profesionales acad\u00e9micos de la antropolog\u00eda, la ling\u00fc\u00edstica, los estudios culturales y de \u00e1rea, y las ciencias inform\u00e1ticas para proporcionar servicios y aprendizaje en l\u00ednea con el objetivo de preservar las lenguas y culturas mayas. Nos dedicamos espec\u00edficamente a colaborar con hablantes de lenguas mayas que comparten nuestro deseo de garantizar la supervivencia a largo plazo de las muchas lenguas ind\u00edgenas vibrantes y en evoluci\u00f3n de Guatemala y sus regiones circundantes. Sostenemos que el alma de una cultura existe a trav\u00e9s y por la lengua e invitamos a todos los que deseen contribuir a la preservaci\u00f3n de las lenguas mayas a compartir su amor y conocimiento del alma de las culturas mayas.   <\/p>\n<p>Estamos contigo en la creencia de que los derechos ling\u00fc\u00edsticos son derechos humanos. El Proyecto de Preservaci\u00f3n de las Lenguas Mayas reafirma esta verdad. Juntos, no s\u00f3lo preservamos las lenguas, sino que reconocemos, celebramos y compartimos la inestimable riqueza cultural que encierran. Afirmamos nuestro activismo y nuestra visi\u00f3n de la igualdad para toda la humanidad comprometi\u00e9ndonos en la lucha para garantizar que los hablantes de todas las lenguas tengan el mismo acceso a hablar, aprender, escribir y expresarse libremente en la lengua que elijan. Aunque esta idea es altruista para quienes nos dedicamos a la conservaci\u00f3n y revitalizaci\u00f3n de las lenguas, hay que reconocer m\u00e1s de 500 a\u00f1os de opresi\u00f3n durante los cuales nuestras lenguas fueron oprimidas, denigradas y expl\u00edcitamente prohibidas en su uso cotidiano. Desde el momento en que se mantuvo la presencia europea, los pueblos ind\u00edgenas de Am\u00e9rica han luchado contra la extinci\u00f3n de sus pueblos, lenguas y culturas. Seguimos en esta lucha para garantizar que ninguna persona, familia o comunidad ling\u00fc\u00edstica sufra m\u00e1s discriminaci\u00f3n por su identidad entnoling\u00fc\u00edstica. Afirmamos que las lenguas y culturas mayas no son reliquias de una civilizaci\u00f3n pasada. Al contrario, nuestras lenguas, culturas y comunidades siguen creciendo, evolucionando y desarrollando recursos para ocupar el lugar que nos corresponde como l\u00edderes de la educaci\u00f3n y el pensamiento.        <\/p>\t\t\t\t\t\t\t\t<\/div>\n\t\t\t\t<\/div>\n\t\t\t\t<\/div>\n\t\t<div class=\"elementor-element elementor-element-31fdfe6 e-con-full e-flex e-con e-child\" data-id=\"31fdfe6\" data-element_type=\"container\" data-e-type=\"container\">\n\t\t\t\t<\/div>\n\t\t\t\t\t<\/div>\n\t\t\t\t<\/div>\n\t\t\t\t<\/div>\n\t\t","protected":false},"excerpt":{"rendered":"<p>ACERCA DE \u00abMe encanta que sea un esfuerzo comunitario de c\u00f3digo abierto. Es un recurso incre\u00edblemente valioso y estoy muy emocionado de formar parte de \u00e9l.\u00bb Gaspar Tomas \u00abMe encanta que sea un esfuerzo comunitario de c\u00f3digo abierto. Es un recurso incre\u00edblemente valioso y estoy muy emocionado de formar parte de \u00e9l.\u00bb Gaspar Tomas visi\u00f3n [&hellip;]<\/p>\n","protected":false},"author":1,"featured_media":0,"parent":0,"menu_order":0,"comment_status":"closed","ping_status":"closed","template":"","meta":{"_acf_changed":false,"footnotes":""},"class_list":["post-1613","page","type-page","status-publish","hentry"],"acf":[],"_links":{"self":[{"href":"https:\/\/mayanlanguagespreservation.org\/es\/wp-json\/wp\/v2\/pages\/1613","targetHints":{"allow":["GET"]}}],"collection":[{"href":"https:\/\/mayanlanguagespreservation.org\/es\/wp-json\/wp\/v2\/pages"}],"about":[{"href":"https:\/\/mayanlanguagespreservation.org\/es\/wp-json\/wp\/v2\/types\/page"}],"author":[{"embeddable":true,"href":"https:\/\/mayanlanguagespreservation.org\/es\/wp-json\/wp\/v2\/users\/1"}],"replies":[{"embeddable":true,"href":"https:\/\/mayanlanguagespreservation.org\/es\/wp-json\/wp\/v2\/comments?post=1613"}],"version-history":[{"count":10,"href":"https:\/\/mayanlanguagespreservation.org\/es\/wp-json\/wp\/v2\/pages\/1613\/revisions"}],"predecessor-version":[{"id":3132,"href":"https:\/\/mayanlanguagespreservation.org\/es\/wp-json\/wp\/v2\/pages\/1613\/revisions\/3132"}],"wp:attachment":[{"href":"https:\/\/mayanlanguagespreservation.org\/es\/wp-json\/wp\/v2\/media?parent=1613"}],"curies":[{"name":"wp","href":"https:\/\/api.w.org\/{rel}","templated":true}]}}